{"id":8357,"date":"2023-01-10T19:29:29","date_gmt":"2023-01-10T18:29:29","guid":{"rendered":"https:\/\/glashausfrankfurt.de\/?post_type=product&#038;p=8357"},"modified":"2026-04-22T15:17:41","modified_gmt":"2026-04-22T13:17:41","slug":"50-g-demeter-bio-lichtwurzel-pulver-handvermahlen","status":"publish","type":"product","link":"https:\/\/glashausfrankfurt.de\/de\/produkt\/50-g-demeter-bio-lichtwurzel-pulver-handvermahlen\/","title":{"rendered":"50 g demeter-BIO-Lichtwurzel-Pulver, handvermahlen"},"content":{"rendered":"<p>Lichtwurzel-Pulver:<\/p>\n<ul>\n<li>handvermahlen<\/li>\n<li>demeter Qualit\u00e4t<\/li>\n<li>in der Mikroskopaufnahme funkelt das Pulver wie 1000 Diamanten<\/li>\n<\/ul>\n<p>Je nach gew\u00e4hlter Option:<\/p>\n<ul>\n<li>Ernte November-Dezember 2022 oder 2023<\/li>\n<li>vermahlen in den heiligen N\u00e4chten 2023\/24<\/li>\n<li>vermahlen zu Dezember-Vollmond (Heilmond) am 27.12.2023<\/li>\n<\/ul>\n<p>DE-\u00d6KO-006\u00a0\u00a0\u00a0Deutsche Landwirtschaft<\/p>\nDas feinst vermahlene Lichtwurzel-Pulver ist ideal zur Nahrungserg\u00e4nzung in Suppen, M\u00fcslis, Salaten, \u00fcber das Essen gestreut, im Smoothie verr\u00fchrt oder in die Quarkspeise gegeben. Der Phantasie sind hier keine Grenzen gesetzt.<br>\r\nNeben der innerlichen Anwendung kommt aber auch die Verwendung in eigenen Cremes und Baseneinreibungen in Betracht:<br>\r\nEin kleines L\u00f6ffelchen voll Pulver einger\u00fchrt, bringt belebende Frische!<br>\r\n(Bitte wirklich einen kleinen L\u00f6ffel nehmen, Lichtwurzel Pulver wirkt sehr intensiv auf der Haut.)<br>\r\n<div class=\"text-center\"><div class=\"is-divider divider clearfix\" style=\"max-width:70em;height:0.1em;\"><\/div><\/div>\r\n<i class=\"GLASHAUS\">Helfen Sie mit, die Lichtwurzel bekannter zu machen!<br \/><br \/>\r\n<p>Teilen Sie Ihre Erfahrungen, Vorschl\u00e4ge und Fragen mit anderen Interessierten.<br \/>\r\nGeben Sie Ihr Wissen weiter und ver\u00f6ffentlichen Sie, auch ohne Anmeldung,<br \/>unter Tab. \"<a href=\"#tab-reviews\" onClick=\"let goto=window.location.href.concat('#tab-reviews');window.location.href=goto;window.location.reload();\">Bewertungen<\/a>\" Ihre Hinweise, Gedanken und Berichte.<br \/><br \/>\r\nVielen Dank f\u00fcr Ihre Mithilfe, Ihr Hans-Martin Aurich<\/i><\/p>\r\n<div class=\"text-center\"><div class=\"is-divider divider clearfix\" style=\"max-width:70em;height:0.1em;\"><\/div><\/div>\r\n<br>\r\n<strong>Warum macht Lichtwurzel-<i class=\"GLASHAUS\">Pulver<\/i> Sinn?<\/strong><br>\r\n<br>\r\n<strong>Einfache Verarbeitung<\/strong> ist aus Ihrer, also Verbrauchersicht absolut naheliegend.<br>\r\n<br>\r\n<strong>Die sehr gute Lagerf\u00e4higkeit<\/strong> von Lichtwurzelpulver zeigt sich beim ersten Blick auf das MHD (Mindest-Haltbarkeits-Datum). Ein Jahr bei trockener und k\u00fchler Lagerung in Miron-Gl\u00e4sern ist \u00fcberhaupt kein Problem.<br>\r\n<br>\r\n<strong>Schleimfrei<\/strong> - der bei frischen Wurzeln reichliche Schleimgehalt spielt keine Rolle, ohne dass dieser durch Trockung und Vermahlung entwertet wurde.<br>\r\nIm Vergleich zu rohen Wurzel - die ich nat\u00fcrlich von Zeit zu Zeit trotzdem empfehlen w\u00fcrde - ist die Palette der <br><strong>Anwendungsm\u00f6glichkeiten schier unbegrenzt<\/strong>.<br>\r\n<br>\r\nStellen Sie sich einen Eintopf mit Lichtwurzeln vor - sehr lecker - doch schade, wenn auf einem Elektroherd gekocht wurde oder mit einem elektrischen Schlagmesser p\u00fcriert wurde. Licht\u00e4therqualit\u00e4ten braucht man nach solch einer Behandlung nicht mehr erwarten.<br>\r\nHat man, wie viele Menschen heutzutage, nur einen E-Herd zur Verf\u00fcgung, kann man erst den leckeren Eintopf kochen und vor dem Servieren das Lichtwurzelpulver unterr\u00fchren. Das Gleiche gilt f\u00fcr Smoothies - erst mixen, dann das Pulver unterr\u00fchren.<br>\r\n<br>\r\nEin klein wenig schwieriger wird es beim Backen im E-Herd; das nachtr\u00e4gliche Unterr\u00fchren ist nicht m\u00f6glich. Was aber m\u00f6glich ist: Das Einr\u00fchren in die Glasur - z.B. Zuckerglasur mit Lichtwurzelpulver.<br>\r\n<br>\r\n<i><strong>Wichtig<\/strong>:<\/i> Keine Anwendung im Zusammenhang mit<span style=\"color: #ff0000;\"><del>Wechselstrom<\/del><\/span> (Herd, Mixer, Backofen...), sonst droht Entwertung der Licht\u00e4ther-Qualit\u00e4t.<br>\r\n<hr class=\"lwde-hr-small\" \/><br>\r\n<h3>Wie wird Pulver aus den Lichtwurzeln?<\/h3>\r\n<div class=\"accordion\">\r\n\r\n\t<div id=\"accordion-4174331965\" class=\"accordion-item\">\n\t\t<a id=\"accordion-4174331965-label\" class=\"accordion-title plain\" href=\"#accordion-item-raspeln\" aria-expanded=\"false\" aria-controls=\"accordion-4174331965-content\">\n\t\t\t<button class=\"toggle\" aria-label=\"Umschalten\"><i class=\"icon-angle-down\" aria-hidden=\"true\"><\/i><\/button>\n\t\t\t<span>raspeln<\/span>\n\t\t<\/a>\n\t\t<div id=\"accordion-4174331965-content\" class=\"accordion-inner\" aria-labelledby=\"accordion-4174331965-label\">\n\t\t\t\r\n\r\n<div class=\"row\"  id=\"row-1163883402\">\r\n\r\n\n\t<div id=\"col-265446822\" class=\"col medium-6 small-12 large-6\"  >\n\t\t\t\t<div class=\"col-inner\"  >\n\t\t\t\n\t\t\t\r\n\r\n\t<div class=\"box has-hover   has-hover box-bounce box-text-bottom\" >\n\n\t\t<div class=\"box-image\" >\n\t\t\t\t\t\t<div class=\"\" >\n\t\t\t\t<img loading=\"lazy\" decoding=\"async\" width=\"1581\" height=\"1200\" src=\"https:\/\/glashausfrankfurt.de\/wp-content\/uploads\/Geriebene-Lichtwurzel.jpg\" class=\"attachment- size-\" alt=\"Schale mit Raspel und frischer Lichtwurzel\" srcset=\"https:\/\/glashausfrankfurt.de\/wp-content\/uploads\/Geriebene-Lichtwurzel.jpg 1581w, https:\/\/glashausfrankfurt.de\/wp-content\/uploads\/Geriebene-Lichtwurzel-527x400.jpg 527w, https:\/\/glashausfrankfurt.de\/wp-content\/uploads\/Geriebene-Lichtwurzel-1054x800.jpg 1054w, https:\/\/glashausfrankfurt.de\/wp-content\/uploads\/Geriebene-Lichtwurzel-768x583.jpg 768w, https:\/\/glashausfrankfurt.de\/wp-content\/uploads\/Geriebene-Lichtwurzel-1536x1166.jpg 1536w, https:\/\/glashausfrankfurt.de\/wp-content\/uploads\/Geriebene-Lichtwurzel-510x387.jpg 510w\" sizes=\"auto, (max-width: 1581px) 100vw, 1581px\" \/>\t\t\t\t\t\t\t\t\t\t\t<\/div>\n\t\t\t\t\t<\/div>\n\n\t\t<div class=\"box-text text-center\" >\n\t\t\t<div class=\"box-text-inner\">\n\t\t\t\t\r\n\r\nZum schnellen Trocknen in einer lichtabgeschlossenen Trockendarre werden die Lichtwurzeln vorher in d\u00fcnne Streifen geraspelt. Naschen ist erlaubt \ud83d\ude09\r\n\r\n\t\t\t<\/div>\n\t\t<\/div>\n\t<\/div>\n\t\r\n\r\n\t\t<\/div>\n\t\t\t\t\t<\/div>\n\n\t\r\n\n\t<div id=\"col-14760529\" class=\"col medium-6 small-12 large-6\"  >\n\t\t\t\t<div class=\"col-inner\"  >\n\t\t\t\n\t\t\t\r\n\r\nNachdem die Wurzeln gr\u00fcndlich ges\u00e4ubert wurden, kann es zun\u00e4chst an das Zerkleinern mit einer Raspel gehen.<br>\r\n<br>\r\nDieser Vorgang ist f\u00fcr einen z\u00fcgigen Trocknungsprozess ausgesprochen wichtig, schafft er doch eine gro\u00dfe Oberbl\u00e4che und erm\u00f6glicht das z\u00fcgige Abtrocknen der reichtlich vorhandenen Feuchtigkeit.<br>\r\n<br>\r\nUnsere Reiben sind aus hygienisch einwandfreiem Edelstahl.<br>\r\n\r\n\t\t<\/div>\n\t\t\t\t\t<\/div>\n\n\t\r\n\r\n<\/div>\r\n\r\n\t\t<\/div>\n\t<\/div>\n\t\r\n\t<div id=\"accordion-2584689304\" class=\"accordion-item\">\n\t\t<a id=\"accordion-2584689304-label\" class=\"accordion-title plain\" href=\"#accordion-item-trocknen\" aria-expanded=\"false\" aria-controls=\"accordion-2584689304-content\">\n\t\t\t<button class=\"toggle\" aria-label=\"Umschalten\"><i class=\"icon-angle-down\" aria-hidden=\"true\"><\/i><\/button>\n\t\t\t<span>trocknen<\/span>\n\t\t<\/a>\n\t\t<div id=\"accordion-2584689304-content\" class=\"accordion-inner\" aria-labelledby=\"accordion-2584689304-label\">\n\t\t\t\r\n\r\n<div class=\"row\"  id=\"row-2140429254\">\r\n\r\n\n\t<div id=\"col-587435927\" class=\"col medium-6 small-12 large-6\"  >\n\t\t\t\t<div class=\"col-inner\"  >\n\t\t\t\n\t\t\t\r\n\r\nDie geriebenen Lichtwurzeln werden nun als d\u00fcnne Schicht auf die Trockenbleche aufgetragen.<br>\r\n<br>\r\nBis zu 30 Trockenbleche passen in die Konvektions-Trockendarre.<br>\r\nDie Luft umstr\u00f6mt von oben nach unten die einzelnen Lagen, nimmt die Feuchtigkeit auf und gibt sie in einen 6 m hohen Konvektionsturm ab.<br>\r\n<br>\r\nGut 48 Stunden bleiben die Wurzelraspeln so unter Lichtabschluss in der Darre und entwickeln sich zu \"knackigen\" St\u00e4bchen - nach wie vor ganz in Wei\u00df.<br>\r\n\r\n\t\t<\/div>\n\t\t\t\t\t<\/div>\n\n\t\r\n\n\t<div id=\"col-1407825027\" class=\"col medium-6 small-12 large-6\"  >\n\t\t\t\t<div class=\"col-inner\"  >\n\t\t\t\n\t\t\t\r\n\r\n\t<div class=\"box has-hover   has-hover box-shadow-3 box-bounce box-text-bottom\" >\n\n\t\t<div class=\"box-image\" >\n\t\t\t\t\t\t<div class=\"\" >\n\t\t\t\t<img loading=\"lazy\" decoding=\"async\" width=\"1200\" height=\"655\" src=\"https:\/\/glashausfrankfurt.de\/wp-content\/uploads\/geriebene-Lichtwurzel-auf-Trockenschale.jpg\" class=\"attachment- size-\" alt=\"Geriebene Lichtwurzel in Trockenschale\" srcset=\"https:\/\/glashausfrankfurt.de\/wp-content\/uploads\/geriebene-Lichtwurzel-auf-Trockenschale.jpg 1200w, https:\/\/glashausfrankfurt.de\/wp-content\/uploads\/geriebene-Lichtwurzel-auf-Trockenschale-733x400.jpg 733w, https:\/\/glashausfrankfurt.de\/wp-content\/uploads\/geriebene-Lichtwurzel-auf-Trockenschale-768x419.jpg 768w, https:\/\/glashausfrankfurt.de\/wp-content\/uploads\/geriebene-Lichtwurzel-auf-Trockenschale-510x278.jpg 510w\" sizes=\"auto, (max-width: 1200px) 100vw, 1200px\" \/>\t\t\t\t\t\t\t\t\t\t\t<\/div>\n\t\t\t\t\t<\/div>\n\n\t\t<div class=\"box-text text-center\" >\n\t\t\t<div class=\"box-text-inner\">\n\t\t\t\t\r\n\r\nGleich werden die geriebenen Lichtwurzeln in die dunkle Trockendarre geschoben und z\u00fcgig getrocknet.\r\n\r\n\t\t\t<\/div>\n\t\t<\/div>\n\t<\/div>\n\t\r\n\t<div id=\"gap-311376103\" class=\"gap-element clearfix\" style=\"display:block; height:auto;\">\n\t\t\n<style>\n#gap-311376103 {\n  padding-top: 15px;\n}\n<\/style>\n\t<\/div>\n\t\r\n\r\n\t<div class=\"box has-hover   has-hover box-shadow-3 box-bounce box-text-bottom\" >\n\n\t\t<div class=\"box-image\" >\n\t\t\t\t\t\t<div class=\"\" >\n\t\t\t\t<img loading=\"lazy\" decoding=\"async\" width=\"1200\" height=\"859\" src=\"https:\/\/glashausfrankfurt.de\/wp-content\/uploads\/Lichtwurzel-Raspel-2.jpg\" class=\"attachment- size-\" alt=\"Fertig getrocknete Lichtwurzel-Raspel\" srcset=\"https:\/\/glashausfrankfurt.de\/wp-content\/uploads\/Lichtwurzel-Raspel-2.jpg 1200w, https:\/\/glashausfrankfurt.de\/wp-content\/uploads\/Lichtwurzel-Raspel-2-559x400.jpg 559w, https:\/\/glashausfrankfurt.de\/wp-content\/uploads\/Lichtwurzel-Raspel-2-1118x800.jpg 1118w, https:\/\/glashausfrankfurt.de\/wp-content\/uploads\/Lichtwurzel-Raspel-2-768x550.jpg 768w, https:\/\/glashausfrankfurt.de\/wp-content\/uploads\/Lichtwurzel-Raspel-2-510x365.jpg 510w\" sizes=\"auto, (max-width: 1200px) 100vw, 1200px\" \/>\t\t\t\t\t\t\t\t\t\t\t<\/div>\n\t\t\t\t\t<\/div>\n\n\t\t<div class=\"box-text text-center\" >\n\t\t\t<div class=\"box-text-inner\">\n\t\t\t\t\r\n\r\nInnerhalb von ca. 48 Stunden getrocknete Lichtwurzel-Raspel. In der Trockendarre herrschte absolute Dunkelheit und niemals eine Temperatur \u00fcber 30\u00b0C.\r\n\r\n\t\t\t<\/div>\n\t\t<\/div>\n\t<\/div>\n\t\r\n\r\n\t\t<\/div>\n\t\t\t\t\t<\/div>\n\n\t\r\n\r\n<\/div>\r\n\r\n\t\t<\/div>\n\t<\/div>\n\t\r\n\t<div id=\"accordion-1168155017\" class=\"accordion-item\">\n\t\t<a id=\"accordion-1168155017-label\" class=\"accordion-title plain\" href=\"#accordion-item-vermahlen\" aria-expanded=\"false\" aria-controls=\"accordion-1168155017-content\">\n\t\t\t<button class=\"toggle\" aria-label=\"Umschalten\"><i class=\"icon-angle-down\" aria-hidden=\"true\"><\/i><\/button>\n\t\t\t<span>vermahlen<\/span>\n\t\t<\/a>\n\t\t<div id=\"accordion-1168155017-content\" class=\"accordion-inner\" aria-labelledby=\"accordion-1168155017-label\">\n\t\t\t\r\n\r\n<div class=\"row\"  id=\"row-1046301271\">\r\n\r\n\n\t<div id=\"col-575121352\" class=\"col medium-6 small-12 large-6\"  >\n\t\t\t\t<div class=\"col-inner\"  >\n\t\t\t\n\t\t\t\r\n\r\n\t<div class=\"box has-hover   has-hover box-shadow-3 box-bounce box-text-bottom\" >\n\n\t\t<div class=\"box-image\" >\n\t\t\t\t\t\t<div class=\"\" >\n\t\t\t\t<img loading=\"lazy\" decoding=\"async\" width=\"800\" height=\"1200\" src=\"https:\/\/glashausfrankfurt.de\/wp-content\/uploads\/Lichtwurzel-Raspeln-zur-Handvermahlung.jpg\" class=\"attachment- size-\" alt=\"Lichtwurzel-Raspeln zur Handvermahlung\" srcset=\"https:\/\/glashausfrankfurt.de\/wp-content\/uploads\/Lichtwurzel-Raspeln-zur-Handvermahlung.jpg 800w, https:\/\/glashausfrankfurt.de\/wp-content\/uploads\/Lichtwurzel-Raspeln-zur-Handvermahlung-267x400.jpg 267w, https:\/\/glashausfrankfurt.de\/wp-content\/uploads\/Lichtwurzel-Raspeln-zur-Handvermahlung-533x800.jpg 533w, https:\/\/glashausfrankfurt.de\/wp-content\/uploads\/Lichtwurzel-Raspeln-zur-Handvermahlung-768x1152.jpg 768w, https:\/\/glashausfrankfurt.de\/wp-content\/uploads\/Lichtwurzel-Raspeln-zur-Handvermahlung-510x765.jpg 510w\" sizes=\"auto, (max-width: 800px) 100vw, 800px\" \/>\t\t\t\t\t\t\t\t\t\t\t<\/div>\n\t\t\t\t\t<\/div>\n\n\t\t<div class=\"box-text text-center\" >\n\t\t\t<div class=\"box-text-inner\">\n\t\t\t\t\r\n\r\nHandm\u00fchle mit Lichtwurzel-Raspeln und Quirl zum Stopfen\r\n\r\n\t\t\t<\/div>\n\t\t<\/div>\n\t<\/div>\n\t\r\n\t<div id=\"gap-784994725\" class=\"gap-element clearfix\" style=\"display:block; height:auto;\">\n\t\t\n<style>\n#gap-784994725 {\n  padding-top: 15px;\n}\n<\/style>\n\t<\/div>\n\t\r\n\r\n\t<div class=\"box has-hover   has-hover box-shadow-3 box-bounce box-text-bottom\" >\n\n\t\t<div class=\"box-image\" >\n\t\t\t\t\t\t<div class=\"\" >\n\t\t\t\t<img loading=\"lazy\" decoding=\"async\" width=\"1100\" height=\"733\" src=\"https:\/\/glashausfrankfurt.de\/wp-content\/uploads\/Lichtwurzel-Pulver-vermahlen-mit-Handmuehle.jpg\" class=\"attachment- size-\" alt=\"Mit Handm\u00fchle vermahlenes Lichtwurzel-Pulver\" srcset=\"https:\/\/glashausfrankfurt.de\/wp-content\/uploads\/Lichtwurzel-Pulver-vermahlen-mit-Handmuehle.jpg 1100w, https:\/\/glashausfrankfurt.de\/wp-content\/uploads\/Lichtwurzel-Pulver-vermahlen-mit-Handmuehle-600x400.jpg 600w, https:\/\/glashausfrankfurt.de\/wp-content\/uploads\/Lichtwurzel-Pulver-vermahlen-mit-Handmuehle-768x512.jpg 768w, https:\/\/glashausfrankfurt.de\/wp-content\/uploads\/Lichtwurzel-Pulver-vermahlen-mit-Handmuehle-510x340.jpg 510w\" sizes=\"auto, (max-width: 1100px) 100vw, 1100px\" \/>\t\t\t\t\t\t\t\t\t\t\t<\/div>\n\t\t\t\t\t<\/div>\n\n\t\t<div class=\"box-text text-center\" >\n\t\t\t<div class=\"box-text-inner\">\n\t\t\t\t\r\n\r\nMit Handm\u00fchle vermahlenes Lichtwurzel-Pulver\r\n\r\n\t\t\t<\/div>\n\t\t<\/div>\n\t<\/div>\n\t\r\n\r\n\t\t<\/div>\n\t\t\t\t\t<\/div>\n\n\t\r\n\n\t<div id=\"col-354203269\" class=\"col medium-6 small-12 large-6\"  >\n\t\t\t\t<div class=\"col-inner\"  >\n\t\t\t\n\t\t\t\r\n\r\nIm dritten Teil der Pulverherstellung wird es langwierig, ja gerade zu meditativ.<br>\r\n<br>\r\nIn kleinen \"Ladungen\" werden die gut getrockneten Raspel erst grob, dann fein und am Ende staubfein vermahlen.<br>\r\n<br>\r\nDas ist keine leichte Arbeit, denn am Anfang ben\u00f6tigt man Kraft und sp\u00e4ter Ausdauer.<br>\r\n<br>\r\nAuf diese Weise entsteht nicht nur ein wirksames Lichtwurzelpulver f\u00fcr Sie, sondern auch eine \u00dcbung zur Willensbildung beim Produzenten.<br>\r\n\r\n\t<div class=\"img has-hover x md-x lg-x y md-y lg-y\" id=\"image_1297174263\">\n\t\t\t\t\t\t\t\t<div class=\"img-inner dark\" >\n\t\t\t<img loading=\"lazy\" decoding=\"async\" width=\"900\" height=\"688\" src=\"https:\/\/glashausfrankfurt.de\/wp-content\/uploads\/Lichtwurzel-Pulver-handvermahlen-mit-Handmuehle.jpg\" class=\"attachment-large size-large\" alt=\"Handvermahlung von Lichtwurzel\" srcset=\"https:\/\/glashausfrankfurt.de\/wp-content\/uploads\/Lichtwurzel-Pulver-handvermahlen-mit-Handmuehle.jpg 900w, https:\/\/glashausfrankfurt.de\/wp-content\/uploads\/Lichtwurzel-Pulver-handvermahlen-mit-Handmuehle-523x400.jpg 523w, https:\/\/glashausfrankfurt.de\/wp-content\/uploads\/Lichtwurzel-Pulver-handvermahlen-mit-Handmuehle-768x587.jpg 768w, https:\/\/glashausfrankfurt.de\/wp-content\/uploads\/Lichtwurzel-Pulver-handvermahlen-mit-Handmuehle-510x390.jpg 510w\" sizes=\"auto, (max-width: 900px) 100vw, 900px\" \/>\t\t\t\t\t\t\n\t\t\t\t\t\t\t<div class=\"caption\">Getrocknete Lichtwurzel-Raspeln werden mit einer Handm\u00fchle vermahlen<\/div>\n\t\t\t\t\t<\/div>\n\t\t\t\t\t\t\t\t\n<style>\n#image_1297174263 {\n  width: 100%;\n}\n<\/style>\n\t<\/div>\n\t\r\n\r\n\t\t<\/div>\n\t\t\t\t\t<\/div>\n\n\t\r\n\r\n<\/div>\r\n\r\n\t\t<\/div>\n\t<\/div>\n\t\r\n\r\n<\/div>\r\n\r\n<hr class=\"lwde-hr-small\" \/>\r\n\r\n<h3>Warum Miron Glas als Verpackung?<\/h3>\r\n<h4>Das Besondere an Violettglas (Mironglas \/ Schwarzglas): *<\/h4>\r\n<p style=\"color:purple;\"><img decoding=\"async\" src=\"https:\/\/glashausfrankfurt.de\/wp-content\/uploads\/violettglas-mironglas-dose.jpg\" alt=\"Mironglas - auch bekannt als Schwarzglas im Gegenlicht\" style=\"float: left;margin-right:25px; width:50%\" \/>Violettglas bietet einen absoluten Lichtschutz im sichtbaren Bereich.<br \/>\r\nIm Violett- und Ultraviolttbereich ist es dagegen durchl\u00e4ssig und l\u00e4sst dadurch ein einzigartiges, hoch-energetisches Milieu im Innern entstehen. Die Molekularstruktur von darin eingef\u00fcllten Substanzen wird st\u00e4ndig aktiviert. Abbauprozesse laufen verz\u00f6gert ab. Feinstoffliche Energien bleiben lange Zeit auf dem urspr\u00fcnglichen Niveau.<\/p>\r\n<p>Die Qualit\u00e4t der aufbewahrten Mittel wird optimal erhalten. Die Inhalte bleiben l\u00e4nger haltbar, bzw. Konservierungsmittel k\u00f6nnen reduziert werden.<\/p>\r\n<p>&nbsp;<\/p>\r\n<p><strong style=\"font-weight:bold;\">Referenzen & Zitate zu Violettglas:<\/strong><br \/>\r\nDer Schweizer Biologe <a href=\"https:\/\/www.researchgate.net\/profile\/Hugo_Niggli\" title=\"Dr. Hugo Josef Niggli\" target=\"blank_\" rel=\"noopener noreferrer\">Dr. Hugo Josef Niggli<\/a>: Die Proben im Violettglas haben eine signifikant bessere Lagerungsqualit\u00e4t, weisen eine deutlich ruhigere Schwingung auf und zeigen den geringsten Energieverlust.\r\n<\/p>\r\n<p>Das <a href=\"http:\/\/www.fraunhofer.de\/\" target=\"_blank\" rel=\"noopener noreferrer\">Fraunhofer Institut<\/a> in M\u00fcnchen: In Vergleichstests wurde festgestellt, dass Strahlung im fotosensiblen, sichtbaren Bereich (ca. 450nm bis 720nm) nicht durch das Violettglas dringt.\r\n<\/p>\r\n<p>Dr. Dieter Knapp in Mittenwald: Eine im Oktober 1997 im Institut durchgef\u00fchrte Testserie best\u00e4tigt auf eindr\u00fcckliche Weise die Wirksamkeit des dunkelvioletten Glases f\u00fcr Konservierungszwecke. Alles in der Natur strahlt Energie aus: Die Energieabstrahlung eines Lebewesens oder einer Substanz zeigt die Menge der vorhandenen Energie. Das menschliche Auge kann diese Energiefelder nicht wahrnehmen. Der deutsche Forscher Dr. D. Knapp hat in seinem Institut ein spezielles Elektrografieverfahren entwickelt, mit dem Energiefelder fotografisch sichtbar gemacht werden k\u00f6nnen. Im Labor von Dr. Knapp wurden Spirulina-Algen aus der gleichen Produktionscharge in verschiedene Verpackungen gef\u00fcllt und nach vier Wochen gemessen: Die Probe im Violettglas zeigt ein starkes und dynamisches Energiefeld, w\u00e4hrend bei den Proben in Braunglas und Kunststoff eine deutliche Abnahme des Energiefeldes sichtbar war.\r\n<\/p>\r\n<p>* Mit freundlicher Genehmigung aus Produktinformationen des <a href=\"http:\/\/www.paracelsus-versand.de\" target=\"_blank\" rel=\"noopener noreferrer\">Paracelsus-Versand.de<\/a> - Katalog 2014 zitiert\r\n<\/p>\r\n<p><a href=\"http:\/\/www.prosieben.de\/tv\/galileo\/videos\/clip\/2318998-violettes-glas-1.3563510\/\" target=\"_blank\" rel=\"noopener noreferrer\">Galileo Video<\/a> \u00fcber Violettglas.<\/p>\r\n\n","protected":false},"excerpt":{"rendered":"<p>Vermahlen von Hand in demeter-bio-Qualit\u00e4t<\/p>\n<p><img loading=\"lazy\" decoding=\"async\" class=\"size-thumbnail wp-image-9502 aligncenter\" src=\"https:\/\/glashausfrankfurt.de\/wp-content\/uploads\/2024\/07\/Demeter-Gaertner-Hans-Martin-Aurich-2024-280x280.jpg\" alt=\"Passbild vom Demeter G\u00e4rtner Hans-Martin Aurich\" width=\"280\" height=\"280\" srcset=\"https:\/\/glashausfrankfurt.de\/wp-content\/uploads\/2024\/07\/Demeter-Gaertner-Hans-Martin-Aurich-2024-280x280.jpg 280w, https:\/\/glashausfrankfurt.de\/wp-content\/uploads\/2024\/07\/Demeter-Gaertner-Hans-Martin-Aurich-2024-100x100.jpg 100w, https:\/\/glashausfrankfurt.de\/wp-content\/uploads\/2024\/07\/Demeter-Gaertner-Hans-Martin-Aurich-2024-24x24.jpg 24w, https:\/\/glashausfrankfurt.de\/wp-content\/uploads\/2024\/07\/Demeter-Gaertner-Hans-Martin-Aurich-2024-48x48.jpg 48w, https:\/\/glashausfrankfurt.de\/wp-content\/uploads\/2024\/07\/Demeter-Gaertner-Hans-Martin-Aurich-2024-96x96.jpg 96w, https:\/\/glashausfrankfurt.de\/wp-content\/uploads\/2024\/07\/Demeter-Gaertner-Hans-Martin-Aurich-2024-150x150.jpg 150w, https:\/\/glashausfrankfurt.de\/wp-content\/uploads\/2024\/07\/Demeter-Gaertner-Hans-Martin-Aurich-2024-300x300.jpg 300w\" sizes=\"auto, (max-width: 280px) 100vw, 280px\" \/>Ihr <em>Hans-Martin Aurich<\/em><\/p>\n","protected":false},"featured_media":9385,"comment_status":"open","ping_status":"closed","template":"","meta":{"_acf_changed":false,"footnotes":""},"product_brand":[],"product_cat":[142,815,180],"product_tag":[166,998,177],"class_list":{"0":"post-8357","1":"product","2":"type-product","3":"status-publish","4":"has-post-thumbnail","6":"product_cat-lichtwurzel","7":"product_cat-lichtwurzel-pulver","8":"product_cat-reine-natur","9":"product_tag-lichtwurzel","10":"product_tag-lichtwurzel-pulver","11":"product_tag-natur-pur","13":"first","14":"instock","15":"sale","16":"featured","17":"taxable","18":"shipping-taxable","19":"purchasable","20":"product-type-variable"},"acf":[],"_links":{"self":[{"href":"https:\/\/glashausfrankfurt.de\/de\/wp-json\/wp\/v2\/product\/8357","targetHints":{"allow":["GET"]}}],"collection":[{"href":"https:\/\/glashausfrankfurt.de\/de\/wp-json\/wp\/v2\/product"}],"about":[{"href":"https:\/\/glashausfrankfurt.de\/de\/wp-json\/wp\/v2\/types\/product"}],"replies":[{"embeddable":true,"href":"https:\/\/glashausfrankfurt.de\/de\/wp-json\/wp\/v2\/comments?post=8357"}],"version-history":[{"count":11,"href":"https:\/\/glashausfrankfurt.de\/de\/wp-json\/wp\/v2\/product\/8357\/revisions"}],"predecessor-version":[{"id":8969,"href":"https:\/\/glashausfrankfurt.de\/de\/wp-json\/wp\/v2\/product\/8357\/revisions\/8969"}],"wp:featuredmedia":[{"embeddable":true,"href":"https:\/\/glashausfrankfurt.de\/de\/wp-json\/wp\/v2\/media\/9385"}],"wp:attachment":[{"href":"https:\/\/glashausfrankfurt.de\/de\/wp-json\/wp\/v2\/media?parent=8357"}],"wp:term":[{"taxonomy":"product_brand","embeddable":true,"href":"https:\/\/glashausfrankfurt.de\/de\/wp-json\/wp\/v2\/product_brand?post=8357"},{"taxonomy":"product_cat","embeddable":true,"href":"https:\/\/glashausfrankfurt.de\/de\/wp-json\/wp\/v2\/product_cat?post=8357"},{"taxonomy":"product_tag","embeddable":true,"href":"https:\/\/glashausfrankfurt.de\/de\/wp-json\/wp\/v2\/product_tag?post=8357"}],"curies":[{"name":"wp","href":"https:\/\/api.w.org\/{rel}","templated":true}]}}